{"id":630,"date":"2025-10-03T10:45:39","date_gmt":"2025-10-03T10:45:39","guid":{"rendered":"https:\/\/demosites.royal-elementor-addons.com\/real-estate-consultant-v1\/?page_id=8"},"modified":"2026-04-27T14:52:28","modified_gmt":"2026-04-27T14:52:28","slug":"home-real-estate-consultant-v1","status":"publish","type":"page","link":"https:\/\/chapito.org\/companhiadeteatro\/","title":{"rendered":"Home"},"content":{"rendered":"\t\t<div data-elementor-type=\"wp-page\" data-elementor-id=\"630\" class=\"elementor elementor-630\">\n\t\t\t\t<div class=\"elementor-element elementor-element-2ff280e e-con-full e-flex wpr-particle-no wpr-jarallax-no wpr-parallax-no wpr-sticky-section-no e-con e-parent\" data-id=\"2ff280e\" data-element_type=\"container\">\n\t\t\t\t<div class=\"elementor-element elementor-element-8caf0f5 elementor-widget elementor-widget-shortcode\" data-id=\"8caf0f5\" data-element_type=\"widget\" data-widget_type=\"shortcode.default\">\n\t\t\t\t\t\t\t<div class=\"elementor-shortcode\"><\/div>\n\t\t\t\t\t\t<\/div>\n\t\t\t\t<\/div>\n\t\t<div class=\"elementor-element elementor-element-4cccec2 e-flex e-con-boxed wpr-particle-no wpr-jarallax-no wpr-parallax-no wpr-sticky-section-no e-con e-parent\" data-id=\"4cccec2\" data-element_type=\"container\" id=\"sobre_nos\" data-settings=\"{&quot;background_background&quot;:&quot;classic&quot;}\">\n\t\t\t\t\t<div class=\"e-con-inner\">\n\t\t<div class=\"elementor-element elementor-element-d3eed38 e-con-full e-flex wpr-particle-no wpr-jarallax-no wpr-parallax-no wpr-sticky-section-no elementor-invisible e-con e-child\" data-id=\"d3eed38\" data-element_type=\"container\" data-settings=\"{&quot;animation&quot;:&quot;slideInLeft&quot;}\">\n\t\t\t\t<div class=\"elementor-element elementor-element-0f2beaf elementor-widget elementor-widget-heading\" data-id=\"0f2beaf\" data-element_type=\"widget\" data-widget_type=\"heading.default\">\n\t\t\t\t\t<h2 class=\"elementor-heading-title elementor-size-default\">A Companhia do Chapit\u00f4<\/h2>\t\t\t\t<\/div>\n\t\t\t\t<div class=\"elementor-element elementor-element-7981fac elementor-widget elementor-widget-text-editor\" data-id=\"7981fac\" data-element_type=\"widget\" data-widget_type=\"text-editor.default\">\n\t\t\t\t\t\t\t\t\t<p>Fundada em 1996, cria espet\u00e1culos de com\u00e9dia baseados no trabalho f\u00edsico do ator e numa linguagem visual universal. O seu teatro, sempre coletivo e imaginativo, aproxima o p\u00fablico e viaja pelo mundo. J\u00e1 produziu 42 cria\u00e7\u00f5es apresentadas em mais de 300 palcos nacionais e internacionais.<\/p>\t\t\t\t\t\t\t\t<\/div>\n\t\t\t\t<div class=\"elementor-element elementor-element-ed17428 elementor-hidden-desktop elementor-hidden-laptop elementor-hidden-tablet elementor-invisible elementor-widget elementor-widget-image\" data-id=\"ed17428\" data-element_type=\"widget\" data-settings=\"{&quot;_animation&quot;:&quot;zoomIn&quot;}\" data-widget_type=\"image.default\">\n\t\t\t\t\t\t\t\t\t\t\t\t\t\t\t<img fetchpriority=\"high\" decoding=\"async\" width=\"857\" height=\"520\" src=\"https:\/\/chapito.org\/companhiadeteatro\/wp-content\/uploads\/2000\/09\/182-1.jpeg\" class=\"attachment-full size-full wp-image-3064\" alt=\"\" srcset=\"https:\/\/chapito.org\/companhiadeteatro\/wp-content\/uploads\/2000\/09\/182-1.jpeg 857w, https:\/\/chapito.org\/companhiadeteatro\/wp-content\/uploads\/2000\/09\/182-1-300x182.jpeg 300w, https:\/\/chapito.org\/companhiadeteatro\/wp-content\/uploads\/2000\/09\/182-1-768x466.jpeg 768w\" sizes=\"(max-width: 857px) 100vw, 857px\" \/>\t\t\t\t\t\t\t\t\t\t\t\t\t\t\t<\/div>\n\t\t\t\t<div class=\"elementor-element elementor-element-6a24f24 elementor-widget elementor-widget-heading\" data-id=\"6a24f24\" data-element_type=\"widget\" data-widget_type=\"heading.default\">\n\t\t\t\t\t<h2 class=\"elementor-heading-title elementor-size-default\">POR ESSE MUNDO FORA<\/h2>\t\t\t\t<\/div>\n\t\t\t\t<div class=\"elementor-element elementor-element-b716735 elementor-widget elementor-widget-text-editor\" data-id=\"b716735\" data-element_type=\"widget\" data-widget_type=\"text-editor.default\">\n\t\t\t\t\t\t\t\t\t<p><span style=\"font-weight: bolder;\">MELHOR OBRA ESTRANGEIRA<\/span>\u00a0(<strong><em>PR\u00c9MIO FLORENCIO<\/em><\/strong>)\u00a0III Mostra de Teatro Ibero-americano de\u00a0Montevideu,\u00a0<span style=\"font-weight: bolder;\">Uruguai<\/span> com <span style=\"font-weight: bolder;\">\u00c9dipo<\/span>\u00a0\u2013\u00a02016<\/p><p><strong>MELHOR ESPECT\u00c1CULO<\/strong>\u00a0na 30\u00aa Feira Internacional de Teatro e Dan\u00e7a de Huesca,\u00a0<strong>Espanha<\/strong> com <strong>Electra<\/strong>\u00a0\u20132016<\/p><p><strong>PR\u00c9MIO DO P\u00daBLICO<\/strong> \u2013Pr\u00e9mio dos Amigos do Festival D.Quixote 2014 no Festival D. Quixote em Paris, <strong>Fran\u00e7a<\/strong> com <strong>\u00c9dipo <\/strong>&#8211; 2014<\/p><p><strong>PR\u00c9MIO DO P\u00daBLICO<\/strong> \u2013Melhor Espect\u00e1culo de Sala&#8221; na Feria de Teatro Internacional Castilla y Leon em Ciudad Rodrigo, <strong>Espanha<\/strong>\u00a0 com <strong>Talvez Cam\u00f5es<\/strong> &#8211; 2005<\/p><p><strong>MELHOR DRAMATURGIA<\/strong>\u00a0na Feria de Teatro de Albacete,\u00a0<strong>Espanha<\/strong> com <strong>\u00c9dipo<\/strong>\u00a0\u2013\u00a02015<\/p><p><strong>PR\u00c9MIO DO P\u00daBLICO<\/strong> \u2013\u00a0 Melhor Espect\u00e1culo&#8221; no Festival Teatro Agosto no Fund\u00e3o, <strong>Portugal<\/strong> com <strong>Grande Criador<\/strong> &#8211; 2007<\/p><p><span style=\"font-weight: 400;\"><strong>PR\u00c9MIO DO P\u00daBLICO<\/strong>\u00a0\u2013 Melhor Espect\u00e1culo&#8221; no Festival Mindelact -Mindelo,\u00a0<\/span><strong>Cabo Verde<\/strong> com <strong>Talvez Cam\u00f5es<\/strong> &#8211; 2004<\/p><p><strong>PR\u00c9MIO DO P\u00daBLICO<\/strong>\u00a0\u2013 Melhor Espect\u00e1culo\u00a0\u00a0na XXXVI Edi\u00e7\u00e3o da MIT \u00a0C\u00f3mico e Festivo de Cangas,\u00a0<strong>Espanha<\/strong> com <strong>Electra<\/strong>\u00a0\u2013\u00a02019<\/p><p><strong>PR\u00c9MIO DO P\u00daBLICO<\/strong>\u00a0\u2013 Melhor Espect\u00e1culo na XLIII Mostra de Teatro Galego de Cari\u00f1o,\u00a0<strong>Espanha<\/strong> com <strong>Napole\u00e3o ou O Complexo de \u00c9pico<\/strong>\u00a0\u2013\u00a02021<\/p><p><strong>\u00a0<\/strong><strong>( &#8230; )<\/strong><\/p><p dir=\"ltr\">&#8220;Son capaces, con sus cuerpos y a penas alg\u00fan objeto, de construir\u00a0<\/p><p dir=\"ltr\">universos inmensos&#8230;&#8221; ; &#8220;&#8221;No son actores, son magos. M\u00e1s que magos, demiurgos.&#8221; ; \u201c&#8230;se ensanchan en nuestro cerebro de espectador embobado, asombrado, sobrecogido o, directamente, descojonado.&#8221;\u00a0<\/p><p dir=\"ltr\"><strong>Revista Godot\u00a0<\/strong><\/p><p dir=\"ltr\">\u201c\u00c9 riqu\u00edssimo, este teatro, e de infind\u00e1veis recursos, riqueza humana, recursos humanos.\u201d\u00a0<\/p><p dir=\"ltr\"><strong>Risoleta Pinto Pedro<\/strong><\/p><p dir=\"ltr\">( &#8230; )<\/p><p dir=\"ltr\"><strong>\u00a0<\/strong><\/p><p dir=\"ltr\"><strong>\u00a0<\/strong><\/p><p dir=\"ltr\"><strong>Lisboa<\/strong>-Uppsala-<strong>Madrid<\/strong>-Sal\u00f3nica-<strong>Bogot\u00e1<\/strong>-Rio de Janeiro-<strong>Amorebieta<\/strong>-Neuss-<strong>Tear\u00e3o<\/strong>-Mondim de Basto-<strong>Novgorod<\/strong>-Faro-<strong>La Plata<\/strong>-Espoo-<strong>Pamplona<\/strong>-P\u00f3voa de Varzim-<strong>Salvador da Ba\u00eda<\/strong>-Estocolmo-<strong>Lyon<\/strong>-Santo Andr\u00e9-<strong>Miami<\/strong>-Maia-<strong>Porsgrunn<\/strong>-Faial-<strong>Montevideo<\/strong>-Porto-<strong>Alcal\u00e1 de Henares<\/strong>-Lousada-<strong>Brasilia<\/strong>-Cangas-<strong>Ciudad Rodrigo<\/strong>-Bragan\u00e7a-<strong>Paris<\/strong>-Mindelo-<strong>M\u00e9rida<\/strong>-C\u00e1diz-<strong>Macau<\/strong>-Cuenca-<strong>Ume\u00e5<\/strong>-Fund\u00e3o-<strong>M\u00e1laga<\/strong>-Caracas-<strong>Idanha.\u00e0.Nova<\/strong>-San Sebasti\u00e1n-<strong>S\u00e3o Paulo<\/strong>-Seg\u00f3via-<strong>Almagro<\/strong>-Beja-<strong>Valladolid<\/strong>-Tenerife-<strong>Quito<\/strong>-Huesca-<strong>Buenos Aires<\/strong>-Benedita-<strong>Gran Can\u00e1ria<\/strong>-Curitiba-<strong>Eibar<\/strong>-Serra de Montemuro-<strong>Coru\u00f1a<\/strong>-Neuss-<\/p><p dir=\"ltr\">( &#8230; )<\/p><p dir=\"ltr\">\u00a0<\/p>\t\t\t\t\t\t\t\t<\/div>\n\t\t\t\t<\/div>\n\t\t<div class=\"elementor-element elementor-element-457cb14 e-con-full e-flex wpr-particle-no wpr-jarallax-no wpr-parallax-no wpr-sticky-section-no elementor-invisible e-con e-child\" data-id=\"457cb14\" data-element_type=\"container\" data-settings=\"{&quot;animation&quot;:&quot;slideInLeft&quot;}\">\n\t\t<div class=\"elementor-element elementor-element-3557f10 e-con-full e-flex wpr-particle-no wpr-jarallax-no wpr-parallax-no wpr-sticky-section-no elementor-invisible e-con e-child\" data-id=\"3557f10\" data-element_type=\"container\" data-settings=\"{&quot;animation&quot;:&quot;slideInLeft&quot;}\">\n\t\t\t\t<div class=\"elementor-element elementor-element-aae8e62 elementor-hidden-mobile elementor-invisible elementor-widget elementor-widget-image\" data-id=\"aae8e62\" data-element_type=\"widget\" data-settings=\"{&quot;_animation&quot;:&quot;zoomIn&quot;}\" data-widget_type=\"image.default\">\n\t\t\t\t\t\t\t\t\t\t\t\t\t\t\t<img fetchpriority=\"high\" decoding=\"async\" width=\"857\" height=\"520\" src=\"https:\/\/chapito.org\/companhiadeteatro\/wp-content\/uploads\/2000\/09\/182-1.jpeg\" class=\"attachment-full size-full wp-image-3064\" alt=\"\" srcset=\"https:\/\/chapito.org\/companhiadeteatro\/wp-content\/uploads\/2000\/09\/182-1.jpeg 857w, https:\/\/chapito.org\/companhiadeteatro\/wp-content\/uploads\/2000\/09\/182-1-300x182.jpeg 300w, https:\/\/chapito.org\/companhiadeteatro\/wp-content\/uploads\/2000\/09\/182-1-768x466.jpeg 768w\" sizes=\"(max-width: 857px) 100vw, 857px\" \/>\t\t\t\t\t\t\t\t\t\t\t\t\t\t\t<\/div>\n\t\t\t\t<\/div>\n\t\t\t\t<div class=\"elementor-element elementor-element-6802bee elementor-align-center elementor-hidden-desktop elementor-hidden-laptop elementor-hidden-tablet elementor-hidden-mobile elementor-widget elementor-widget-button\" data-id=\"6802bee\" data-element_type=\"widget\" data-widget_type=\"button.default\">\n\t\t\t\t\t\t\t\t\t\t<a class=\"elementor-button elementor-button-link elementor-size-sm\" href=\"#\">\n\t\t\t\t\t\t<span class=\"elementor-button-content-wrapper\">\n\t\t\t\t\t\t\t\t\t<span class=\"elementor-button-text\">Saiba mais...<\/span>\n\t\t\t\t\t<\/span>\n\t\t\t\t\t<\/a>\n\t\t\t\t\t\t\t\t<\/div>\n\t\t\t\t<\/div>\n\t\t\t\t\t<\/div>\n\t\t\t\t<\/div>\n\t\t<div class=\"elementor-element elementor-element-35e2514 e-flex e-con-boxed wpr-particle-no wpr-jarallax-no wpr-parallax-no wpr-sticky-section-no e-con e-parent\" data-id=\"35e2514\" data-element_type=\"container\" id=\"espetaculos\" data-settings=\"{&quot;background_background&quot;:&quot;classic&quot;}\">\n\t\t\t\t\t<div class=\"e-con-inner\">\n\t\t<div class=\"elementor-element elementor-element-c788cff e-con-full e-flex wpr-particle-no wpr-jarallax-no wpr-parallax-no wpr-sticky-section-no e-con e-child\" data-id=\"c788cff\" data-element_type=\"container\">\n\t\t\t\t<div class=\"elementor-element elementor-element-7f9372e elementor-invisible elementor-widget elementor-widget-heading\" data-id=\"7f9372e\" data-element_type=\"widget\" data-settings=\"{&quot;_animation&quot;:&quot;fadeInDown&quot;}\" data-widget_type=\"heading.default\">\n\t\t\t\t\t<h2 class=\"elementor-heading-title elementor-size-default\">Espet\u00e1culos em Cartaz<\/h2>\t\t\t\t<\/div>\n\t\t\t\t<\/div>\n\t\t\t\t<div class=\"elementor-element elementor-element-88d78dc wpr-item-styles-wrapper wpr-grid-columns--mobile1 wpr-grid-columns-2 wpr-grid-columns--laptop2 wpr-grid-columns--tablet2 wpr-grid-pagination-center elementor-widget elementor-widget-wpr-grid\" data-id=\"88d78dc\" data-element_type=\"widget\" data-widget_type=\"wpr-grid.default\">\n\t\t\t\t\t<ul class=\"wpr-grid-filters elementor-clearfix wpr-grid-filters-sep-right\"><li class=\" wpr-pointer-none wpr-pointer-line-fx wpr-pointer-fx-none\"><span  data-filter=\"*\" class=\"wpr-grid-filters-item wpr-active-filter \">All Posts<\/span><em class=\"wpr-grid-filters-sep\"><\/em><\/li><li class=\" wpr-pointer-none wpr-pointer-line-fx wpr-pointer-fx-none\"><span   data-ajax-filter=[\"category\",\"eepetaculos_em_cartaz\"]  data-filter=\".category-eepetaculos_em_cartaz\">Espetaculos_em_Cartaz<\/span><em class=\"wpr-grid-filters-sep\"><\/em><\/li><\/ul><section class=\"wpr-grid elementor-clearfix\" data-settings=\"{&quot;layout&quot;:&quot;fitRows&quot;,&quot;stick_last_element_to_bottom&quot;:&quot;&quot;,&quot;columns_desktop&quot;:&quot;2&quot;,&quot;gutter_hr&quot;:15,&quot;gutter_hr_mobile&quot;:19,&quot;gutter_hr_mobile_extra&quot;:15,&quot;gutter_hr_tablet&quot;:15,&quot;gutter_hr_tablet_extra&quot;:15,&quot;gutter_hr_laptop&quot;:15,&quot;gutter_hr_widescreen&quot;:15,&quot;gutter_vr&quot;:15,&quot;gutter_vr_mobile&quot;:18,&quot;gutter_vr_mobile_extra&quot;:15,&quot;gutter_vr_tablet&quot;:15,&quot;gutter_vr_tablet_extra&quot;:15,&quot;gutter_vr_laptop&quot;:15,&quot;gutter_vr_widescreen&quot;:15,&quot;animation&quot;:&quot;default&quot;,&quot;animation_duration&quot;:0.3,&quot;animation_delay&quot;:0.1,&quot;deeplinking&quot;:&quot;&quot;,&quot;filters_linkable&quot;:&quot;no&quot;,&quot;filters_default_filter&quot;:&quot;&quot;,&quot;filters_count&quot;:&quot;&quot;,&quot;filters_hide_empty&quot;:&quot;no&quot;,&quot;filters_animation&quot;:&quot;default&quot;,&quot;filters_animation_duration&quot;:0.3,&quot;filters_animation_delay&quot;:0.1,&quot;pagination_type&quot;:&quot;load-more&quot;,&quot;pagination_max_pages&quot;:1,&quot;lightbox&quot;:{&quot;selector&quot;:&quot;.wpr-grid-image-wrap&quot;,&quot;iframeMaxWidth&quot;:&quot;60%&quot;,&quot;hash&quot;:false,&quot;autoplay&quot;:&quot;true&quot;,&quot;pause&quot;:5000,&quot;progressBar&quot;:&quot;true&quot;,&quot;counter&quot;:&quot;true&quot;,&quot;controls&quot;:&quot;true&quot;,&quot;getCaptionFromTitleOrAlt&quot;:&quot;true&quot;,&quot;thumbnail&quot;:&quot;&quot;,&quot;showThumbByDefault&quot;:&quot;&quot;,&quot;share&quot;:&quot;&quot;,&quot;zoom&quot;:&quot;true&quot;,&quot;fullScreen&quot;:&quot;true&quot;,&quot;download&quot;:&quot;true&quot;}}\" data-advanced-filters=\"no\"><article class=\"wpr-grid-item elementor-clearfix post-1217 post type-post status-publish format-standard has-post-thumbnail hentry category-eepetaculos_em_cartaz\"><div class=\"wpr-grid-item-inner\"><div class=\"wpr-grid-media-wrap wpr-effect-size-medium \" data-overlay-link=\"yes\"><div class=\"wpr-grid-image-wrap\" data-src=\"https:\/\/chapito.org\/companhiadeteatro\/wp-content\/uploads\/2025\/04\/IMG_7287-1-scaled.jpg\" data-img-on-hover=\"\"  data-src-secondary=\"\"><img decoding=\"async\" data-no-lazy=\"1\" src=\"https:\/\/chapito.org\/companhiadeteatro\/wp-content\/uploads\/2025\/04\/IMG_7287-1-scaled.jpg\" alt=\"ODISSEIA\" class=\"wpr-anim-timing-ease-default\"><\/div><div class=\"wpr-grid-media-hover wpr-animation-wrap\"><div class=\"wpr-grid-media-hover-bg  wpr-overlay-fade-in wpr-anim-size-large wpr-anim-timing-ease-default wpr-anim-transparency\" data-url=\"https:\/\/chapito.org\/companhiadeteatro\/2025\/04\/12\/odisseia-a-versao-que-homero-nao-contou\/\"><\/div><\/div><\/div><div class=\"wpr-grid-item-below-content elementor-clearfix\"><h2 class=\"wpr-grid-item-title elementor-repeater-item-bf8d220 wpr-grid-item-display-block wpr-grid-item-align-left wpr-pointer-none wpr-pointer-line-fx wpr-pointer-fx-fade\"><div class=\"inner-block\"><a target=\"_self\"  href=\"https:\/\/chapito.org\/companhiadeteatro\/2025\/04\/12\/odisseia-a-versao-que-homero-nao-contou\/\">ODISSEIA<\/a><\/div><\/h2><div class=\"wpr-grid-item-excerpt elementor-repeater-item-5856a63 wpr-grid-item-display-block wpr-grid-item-align-left\"><div class=\"inner-block\"><p>A vers\u00e3o que Homero n\u00e3o contou A Companhia do Chapit\u00f4 embarca na maior com\u00e9dia de equ\u00edvocos da mitologia grega, a...<\/p><\/div><\/div><div class=\"wpr-grid-item-read-more elementor-repeater-item-d00162f wpr-grid-item-display-block wpr-grid-item-align-left\"><div class=\"inner-block\"><a target=\"_self\" href=\"https:\/\/chapito.org\/companhiadeteatro\/2025\/04\/12\/odisseia-a-versao-que-homero-nao-contou\/\" class=\"wpr-button-effect wpr-button-none\"><span>Ver mais...<\/span><\/a><\/div><\/div><\/div><\/div><\/article><article class=\"wpr-grid-item elementor-clearfix post-1235 post type-post status-publish format-standard has-post-thumbnail hentry category-eepetaculos_em_cartaz\"><div class=\"wpr-grid-item-inner\"><div class=\"wpr-grid-media-wrap wpr-effect-size-medium \" data-overlay-link=\"yes\"><div class=\"wpr-grid-image-wrap\" data-src=\"https:\/\/chapito.org\/companhiadeteatro\/wp-content\/uploads\/2025\/01\/6cbcfae5-f8df-4e45-bba8-8f866fc626c0.jpg\" data-img-on-hover=\"\"  data-src-secondary=\"\"><img decoding=\"async\" data-no-lazy=\"1\" src=\"https:\/\/chapito.org\/companhiadeteatro\/wp-content\/uploads\/2025\/01\/6cbcfae5-f8df-4e45-bba8-8f866fc626c0.jpg\" alt=\"Rei Lear\" class=\"wpr-anim-timing-ease-default\"><\/div><div class=\"wpr-grid-media-hover wpr-animation-wrap\"><div class=\"wpr-grid-media-hover-bg  wpr-overlay-fade-in wpr-anim-size-large wpr-anim-timing-ease-default wpr-anim-transparency\" data-url=\"https:\/\/chapito.org\/companhiadeteatro\/2025\/01\/09\/rei-lear\/\"><\/div><\/div><\/div><div class=\"wpr-grid-item-below-content elementor-clearfix\"><h2 class=\"wpr-grid-item-title elementor-repeater-item-bf8d220 wpr-grid-item-display-block wpr-grid-item-align-left wpr-pointer-none wpr-pointer-line-fx wpr-pointer-fx-fade\"><div class=\"inner-block\"><a target=\"_self\"  href=\"https:\/\/chapito.org\/companhiadeteatro\/2025\/01\/09\/rei-lear\/\">Rei Lear<\/a><\/div><\/h2><div class=\"wpr-grid-item-excerpt elementor-repeater-item-5856a63 wpr-grid-item-display-block wpr-grid-item-align-left\"><div class=\"inner-block\"><p>REI LEAR&nbsp;A partir da obra de William Shakespeare&nbsp; Rei Lear&nbsp;decide dividir o seu reino entre as suas filhas. Antes de...<\/p><\/div><\/div><div class=\"wpr-grid-item-read-more elementor-repeater-item-d00162f wpr-grid-item-display-block wpr-grid-item-align-left\"><div class=\"inner-block\"><a target=\"_self\" href=\"https:\/\/chapito.org\/companhiadeteatro\/2025\/01\/09\/rei-lear\/\" class=\"wpr-button-effect wpr-button-none\"><span>Ver mais...<\/span><\/a><\/div><\/div><\/div><\/div><\/article><article class=\"wpr-grid-item elementor-clearfix post-2082 post type-post status-publish format-standard has-post-thumbnail hentry category-eepetaculos_em_cartaz\"><div class=\"wpr-grid-item-inner\"><div class=\"wpr-grid-media-wrap wpr-effect-size-medium \" data-overlay-link=\"yes\"><div class=\"wpr-grid-image-wrap\" data-src=\"https:\/\/chapito.org\/companhiadeteatro\/wp-content\/uploads\/2026\/04\/DSC07926.jpg\" data-img-on-hover=\"\"  data-src-secondary=\"\"><img decoding=\"async\" data-no-lazy=\"1\" src=\"https:\/\/chapito.org\/companhiadeteatro\/wp-content\/uploads\/2026\/04\/DSC07926.jpg\" alt=\"As Formigas\" class=\"wpr-anim-timing-ease-default\"><\/div><div class=\"wpr-grid-media-hover wpr-animation-wrap\"><div class=\"wpr-grid-media-hover-bg  wpr-overlay-fade-in wpr-anim-size-large wpr-anim-timing-ease-default wpr-anim-transparency\" data-url=\"https:\/\/chapito.org\/companhiadeteatro\/2024\/01\/01\/as-formigas\/\"><\/div><\/div><\/div><div class=\"wpr-grid-item-below-content elementor-clearfix\"><h2 class=\"wpr-grid-item-title elementor-repeater-item-bf8d220 wpr-grid-item-display-block wpr-grid-item-align-left wpr-pointer-none wpr-pointer-line-fx wpr-pointer-fx-fade\"><div class=\"inner-block\"><a target=\"_self\"  href=\"https:\/\/chapito.org\/companhiadeteatro\/2024\/01\/01\/as-formigas\/\">As Formigas<\/a><\/div><\/h2><div class=\"wpr-grid-item-excerpt elementor-repeater-item-5856a63 wpr-grid-item-display-block wpr-grid-item-align-left\"><div class=\"inner-block\"><p>\u201cE se todos se recusassem a fazer a guerra?\u201d \u201cAs Formigas\u201d tece o retrato de soldados, uns \u201cpobres diabos\u201d combatentes...<\/p><\/div><\/div><div class=\"wpr-grid-item-read-more elementor-repeater-item-d00162f wpr-grid-item-display-block wpr-grid-item-align-left\"><div class=\"inner-block\"><a target=\"_self\" href=\"https:\/\/chapito.org\/companhiadeteatro\/2024\/01\/01\/as-formigas\/\" class=\"wpr-button-effect wpr-button-none\"><span>Ver mais...<\/span><\/a><\/div><\/div><\/div><\/div><\/article><article class=\"wpr-grid-item elementor-clearfix post-1510 post type-post status-publish format-standard has-post-thumbnail hentry category-eepetaculos_em_cartaz\"><div class=\"wpr-grid-item-inner\"><div class=\"wpr-grid-media-wrap wpr-effect-size-medium \" data-overlay-link=\"yes\"><div class=\"wpr-grid-image-wrap\" data-src=\"https:\/\/chapito.org\/companhiadeteatro\/wp-content\/uploads\/2023\/03\/julio-cesar-48-g.jpg\" data-img-on-hover=\"\"  data-src-secondary=\"\"><img decoding=\"async\" data-no-lazy=\"1\" src=\"https:\/\/chapito.org\/companhiadeteatro\/wp-content\/uploads\/2023\/03\/julio-cesar-48-g.jpg\" alt=\"J\u00falio C\u00e9sar\" class=\"wpr-anim-timing-ease-default\"><\/div><div class=\"wpr-grid-media-hover wpr-animation-wrap\"><div class=\"wpr-grid-media-hover-bg  wpr-overlay-fade-in wpr-anim-size-large wpr-anim-timing-ease-default wpr-anim-transparency\" data-url=\"https:\/\/chapito.org\/companhiadeteatro\/2023\/03\/08\/julio-cesar\/\"><\/div><\/div><\/div><div class=\"wpr-grid-item-below-content elementor-clearfix\"><h2 class=\"wpr-grid-item-title elementor-repeater-item-bf8d220 wpr-grid-item-display-block wpr-grid-item-align-left wpr-pointer-none wpr-pointer-line-fx wpr-pointer-fx-fade\"><div class=\"inner-block\"><a target=\"_self\"  href=\"https:\/\/chapito.org\/companhiadeteatro\/2023\/03\/08\/julio-cesar\/\">J\u00falio C\u00e9sar<\/a><\/div><\/h2><div class=\"wpr-grid-item-excerpt elementor-repeater-item-5856a63 wpr-grid-item-display-block wpr-grid-item-align-left\"><div class=\"inner-block\"><p>Cria\u00e7\u00e3o teatral a partir de eventos da vida desta figura hist\u00f3rica, eternizada pelos grandes contadores de hist\u00f3rias, desde Plutarco a...<\/p><\/div><\/div><div class=\"wpr-grid-item-read-more elementor-repeater-item-d00162f wpr-grid-item-display-block wpr-grid-item-align-left\"><div class=\"inner-block\"><a target=\"_self\" href=\"https:\/\/chapito.org\/companhiadeteatro\/2023\/03\/08\/julio-cesar\/\" class=\"wpr-button-effect wpr-button-none\"><span>Ver mais...<\/span><\/a><\/div><\/div><\/div><\/div><\/article><\/section>\t\t\t\t<\/div>\n\t\t\t\t\t<\/div>\n\t\t\t\t<\/div>\n\t\t<div class=\"elementor-element elementor-element-d3d4712 e-flex e-con-boxed wpr-particle-no wpr-jarallax-no wpr-parallax-no wpr-sticky-section-no e-con e-parent\" data-id=\"d3d4712\" data-element_type=\"container\" id=\"agenda\">\n\t\t\t\t\t<div class=\"e-con-inner\">\n\t\t<div class=\"elementor-element elementor-element-c212b8c e-con-full e-flex wpr-particle-no wpr-jarallax-no wpr-parallax-no wpr-sticky-section-no e-con e-child\" data-id=\"c212b8c\" data-element_type=\"container\">\n\t\t\t\t<div class=\"elementor-element elementor-element-a60658d elementor-invisible elementor-widget elementor-widget-heading\" data-id=\"a60658d\" data-element_type=\"widget\" data-settings=\"{&quot;_animation&quot;:&quot;fadeInDown&quot;}\" data-widget_type=\"heading.default\">\n\t\t\t\t\t<h2 class=\"elementor-heading-title elementor-size-default\">Agenda de Espet\u00e1culos<\/h2>\t\t\t\t<\/div>\n\t\t\t\t<div class=\"elementor-element elementor-element-fc156c7 elementor-widget elementor-widget-shortcode\" data-id=\"fc156c7\" data-element_type=\"widget\" data-widget_type=\"shortcode.default\">\n\t\t\t\t\t\t\t<div class=\"elementor-shortcode\">\n<table id=\"tablepress-1\" class=\"tablepress tablepress-id-1\">\n<thead>\n<tr class=\"row-1\">\n\t<th class=\"column-1\">Data<\/th><th class=\"column-2\">Espet\u00e1culo<\/th><th class=\"column-3\">Teatro<\/th><th class=\"column-4\">Local<\/th><th class=\"column-5\">Hor\u00e1rio<\/th>\n<\/tr>\n<\/thead>\n<tbody class=\"row-striping row-hover\">\n<tr class=\"row-2\">\n\t<td class=\"column-1\">31 Jan<\/td><td class=\"column-2\">Julio C\u00e9sar<\/td><td class=\"column-3\"><a href=\"https:\/\/www.tomaticket.es\/es-es\/recintos\/teatro-juan-bravo-segovia\">Teatro Juan Bravo<\/a><\/td><td class=\"column-4\">Segovia<br \/>\nEspanha<\/td><td class=\"column-5\">20h30<\/td>\n<\/tr>\n<tr class=\"row-3\">\n\t<td class=\"column-1\">6  Fev<\/td><td class=\"column-2\">Rei Lear<\/td><td class=\"column-3\"><a href=\"https:\/\/tickety.es\/event\/el-rey-lear-de-cia-do-chapito-en-el-teatro-el-sauzal\">Teatro El Sauzal<\/a><\/td><td class=\"column-4\">Tenerife<br \/>\nEspanha<\/td><td class=\"column-5\">20h00<\/td>\n<\/tr>\n<tr class=\"row-4\">\n\t<td class=\"column-1\">21 e 22 Fev<\/td><td class=\"column-2\">Odisseia<\/td><td class=\"column-3\">Centro Cultural<br \/>\nGon\u00e7alves Sapinho<\/td><td class=\"column-4\">Benedita<br \/>\nPortugal<\/td><td class=\"column-5\">21h30 e 17h<\/td>\n<\/tr>\n<tr class=\"row-5\">\n\t<td class=\"column-1\">28 Fev<\/td><td class=\"column-2\">Rei Lear<\/td><td class=\"column-3\"><a href=\"https:\/\/tml.cm-lousa.pt\/evento\/rei-lear\/\">Teatro Municipal da Lous\u00e3<\/a><\/td><td class=\"column-4\">Lous\u00e3<br \/>\nPortugal<\/td><td class=\"column-5\">21h30<\/td>\n<\/tr>\n<tr class=\"row-6\">\n\t<td class=\"column-1\">6 Mar<\/td><td class=\"column-2\">As Formigas<\/td><td class=\"column-3\"><a href=\"https:\/\/www.mientrada.net\/evento\/marbella-as-formigas\/\">Teatro Ciudad de Marbella<\/a><\/td><td class=\"column-4\">Marbella<br \/>\nEspanha<\/td><td class=\"column-5\">20h00<\/td>\n<\/tr>\n<tr class=\"row-7\">\n\t<td class=\"column-1\">13 Mar<\/td><td class=\"column-2\">Rei Lear<\/td><td class=\"column-3\"><\/td><td class=\"column-4\">Lugo<br \/>\nEspanha<\/td><td class=\"column-5\"><\/td>\n<\/tr>\n<tr class=\"row-8\">\n\t<td class=\"column-1\">14 Mar<\/td><td class=\"column-2\">Odisseia<\/td><td class=\"column-3\"><a href=\"https:\/\/favodasartes.mondimdebasto.pt\/index.php\/o-favo\">Favo das Artes<\/a><\/td><td class=\"column-4\">Mondim de Basto<br \/>\nPortugal<\/td><td class=\"column-5\">22h00<\/td>\n<\/tr>\n<tr class=\"row-9\">\n\t<td class=\"column-1\">21 Mar<\/td><td class=\"column-2\">Rei Lear<\/td><td class=\"column-3\"><a href=\"https:\/\/hoxe.vigo.org\/axenda\/?id=3281&amp;lang=cas\">Auditorio Municipal do Concello<\/a><\/td><td class=\"column-4\">Vigo<br \/>\nEspanha<\/td><td class=\"column-5\">20h00<\/td>\n<\/tr>\n<tr class=\"row-10\">\n\t<td class=\"column-1\">27 Mar<\/td><td class=\"column-2\">Rei Lear<\/td><td class=\"column-3\"><a href=\"https:\/\/lavavll.es\/programacion-lava?field_categoria_evento_target_id_1=3\">Lava<\/a><\/td><td class=\"column-4\">Valladolid<br \/>\nEspanha<\/td><td class=\"column-5\">20h30<\/td>\n<\/tr>\n<tr class=\"row-11\">\n\t<td class=\"column-1\">28 Mar<\/td><td class=\"column-2\">Odisseia<\/td><td class=\"column-3\"><a href=\"https:\/\/lavavll.es\/programacion-lava?field_categoria_evento_target_id_1=3\">Lava<\/a><\/td><td class=\"column-4\">Valladolid<br \/>\nEspanha<\/td><td class=\"column-5\">20h30<\/td>\n<\/tr>\n<tr class=\"row-12\">\n\t<td class=\"column-1\">10 Abr<\/td><td class=\"column-2\">Julio C\u00e9sar<\/td><td class=\"column-3\"><a href=\"https:\/\/turismoycultura.alcazardesanjuan.es\/eventos\/julio-cesar\/\">Teatro Emilio Gavira<\/a><\/td><td class=\"column-4\">Ac\u00e1zar de San Juan<br \/>\nEspanha<br \/>\n<\/td><td class=\"column-5\">21h00<\/td>\n<\/tr>\n<tr class=\"row-13\">\n\t<td class=\"column-1\">11 Abr<\/td><td class=\"column-2\">Rei Lear<\/td><td class=\"column-3\"><a href=\"https:\/\/www.cineteatroestarreja.com\/evento.php?id=2436\">Cine-Teatro de Estarreja<\/a><\/td><td class=\"column-4\">Estarreja<br \/>\nPortugal<\/td><td class=\"column-5\">21h30<\/td>\n<\/tr>\n<tr class=\"row-14\">\n\t<td class=\"column-1\">15 Abr<\/td><td class=\"column-2\">As Formigas<\/td><td class=\"column-3\"><a href=\"https:\/\/teatromunicipal.cm-braganca.pt\/programacao\/proximos-espetaculos\/evento\/as-formigas\">Teatro Municipal de Bragan\u00e7a<\/a><\/td><td class=\"column-4\">Bragan\u00e7a<br \/>\nPortugal<\/td><td class=\"column-5\">21h00<\/td>\n<\/tr>\n<tr class=\"row-15\">\n\t<td class=\"column-1\">18 Abr<\/td><td class=\"column-2\">Julio C\u00e9sar<\/td><td class=\"column-3\"><a href=\"https:\/\/entradastordesillas.com\/actua\/julio-cesar\/\">Auditorio El Carmelo<\/a><\/td><td class=\"column-4\">Tordesilhas<br \/>\nEspanha<\/td><td class=\"column-5\">20h00<\/td>\n<\/tr>\n<tr class=\"row-16\">\n\t<td class=\"column-1\">30 Abr<\/td><td class=\"column-2\">Rei Lear<\/td><td class=\"column-3\"><a href=\"https:\/\/teatrolethes.bol.pt\/Comprar\/Bilhetes\/171940-rei_lear-teatro_lethes\/\">Teatro Lethes<\/a><\/td><td class=\"column-4\">Faro<br \/>\nPortugal<\/td><td class=\"column-5\">21h00<\/td>\n<\/tr>\n<tr class=\"row-17\">\n\t<td class=\"column-1\">23 Mai<\/td><td class=\"column-2\">Odisseia<\/td><td class=\"column-3\">FITA - Festival Internacional do Alentejo<\/td><td class=\"column-4\">Beja<br \/>\nPortugal<\/td><td class=\"column-5\"><\/td>\n<\/tr>\n<tr class=\"row-18\">\n\t<td class=\"column-1\">29 Mai<\/td><td class=\"column-2\">Rei Lear<\/td><td class=\"column-3\">Centro Cultural Nueva Ciudad<\/td><td class=\"column-4\">M\u00e9rida<br \/>\nEspanha<\/td><td class=\"column-5\"><\/td>\n<\/tr>\n<tr class=\"row-19\">\n\t<td class=\"column-1\">20 Jun<\/td><td class=\"column-2\">Rei Lear<\/td><td class=\"column-3\"><\/td><td class=\"column-4\">Leiria<br \/>\nPortugal<\/td><td class=\"column-5\"><\/td>\n<\/tr>\n<tr class=\"row-20\">\n\t<td class=\"column-1\">2 Jul<\/td><td class=\"column-2\">Rei Lear<\/td><td class=\"column-3\">MIMARTE<\/td><td class=\"column-4\">Braga<br \/>\nPortugal<\/td><td class=\"column-5\"><\/td>\n<\/tr>\n<tr class=\"row-21\">\n\t<td class=\"column-1\">4 Jul<\/td><td class=\"column-2\">Rei Lear<\/td><td class=\"column-3\"><\/td><td class=\"column-4\">Montijo<br \/>\nEspanha<\/td><td class=\"column-5\"><\/td>\n<\/tr>\n<tr class=\"row-22\">\n\t<td class=\"column-1\">10 Jul<\/td><td class=\"column-2\">Rei Lear<\/td><td class=\"column-3\">Festival Noites na Nora<\/td><td class=\"column-4\">Serpa<br \/>\nPortugal<\/td><td class=\"column-5\"><\/td>\n<\/tr>\n<tr class=\"row-23\">\n\t<td class=\"column-1\">13 Ago<\/td><td class=\"column-2\">Rei Lear<\/td><td class=\"column-3\">Festival Altitudes -Serra de Montemuro<\/td><td class=\"column-4\">Campo Benfeito<br \/>\nPortugal<\/td><td class=\"column-5\"><\/td>\n<\/tr>\n<tr class=\"row-24\">\n\t<td class=\"column-1\">Ago<\/td><td class=\"column-2\">Odisseia<\/td><td class=\"column-3\"><a href=\"https:\/\/feriadeteatro.com\/feria2026\/\">Feria de Teatro de Castilla y Le\u00f3n<\/a><\/td><td class=\"column-4\">Ciudad Rodrigo<br \/>\nEspanha<\/td><td class=\"column-5\"><\/td>\n<\/tr>\n<\/tbody>\n<\/table>\n<!-- #tablepress-1 from cache --><\/div>\n\t\t\t\t\t\t<\/div>\n\t\t\t\t<\/div>\n\t\t\t\t\t<\/div>\n\t\t\t\t<\/div>\n\t\t<div class=\"elementor-element elementor-element-326d350 e-flex e-con-boxed wpr-particle-no wpr-jarallax-no wpr-parallax-no wpr-sticky-section-no e-con e-parent\" data-id=\"326d350\" data-element_type=\"container\" id=\"repertorio\" data-settings=\"{&quot;background_background&quot;:&quot;classic&quot;}\">\n\t\t\t\t\t<div class=\"e-con-inner\">\n\t\t<div class=\"elementor-element elementor-element-eec5897 e-con-full e-flex wpr-particle-no wpr-jarallax-no wpr-parallax-no wpr-sticky-section-no e-con e-child\" data-id=\"eec5897\" data-element_type=\"container\">\n\t\t\t\t<div class=\"elementor-element elementor-element-ec0fce6 elementor-invisible elementor-widget elementor-widget-heading\" data-id=\"ec0fce6\" data-element_type=\"widget\" data-settings=\"{&quot;_animation&quot;:&quot;fadeInDown&quot;}\" data-widget_type=\"heading.default\">\n\t\t\t\t\t<h2 class=\"elementor-heading-title elementor-size-default\">Repert\u00f3rio<\/h2>\t\t\t\t<\/div>\n\t\t\t\t<\/div>\n\t\t\t\t<div class=\"elementor-element elementor-element-6562927 wpr-item-styles-wrapper wpr-grid-pagination-center elementor-widget elementor-widget-wpr-grid\" data-id=\"6562927\" data-element_type=\"widget\" data-widget_type=\"wpr-grid.default\">\n\t\t\t\t\t<ul class=\"wpr-grid-filters elementor-clearfix wpr-grid-filters-sep-right\"><li class=\" wpr-pointer-none wpr-pointer-line-fx wpr-pointer-fx-none\"><span  data-filter=\"*\" class=\"wpr-grid-filters-item wpr-active-filter \">All Posts<\/span><em class=\"wpr-grid-filters-sep\"><\/em><\/li><li class=\" wpr-pointer-none wpr-pointer-line-fx wpr-pointer-fx-none\"><span   data-ajax-filter=[\"category\",\"repertorio\"]  data-filter=\".category-repertorio\">Repertorio<\/span><em class=\"wpr-grid-filters-sep\"><\/em><\/li><\/ul><section class=\"wpr-grid elementor-clearfix\" data-settings=\"{&quot;layout&quot;:&quot;fitRows&quot;,&quot;stick_last_element_to_bottom&quot;:&quot;&quot;,&quot;columns_desktop&quot;:3,&quot;gutter_hr&quot;:15,&quot;gutter_hr_mobile&quot;:19,&quot;gutter_hr_mobile_extra&quot;:15,&quot;gutter_hr_tablet&quot;:15,&quot;gutter_hr_tablet_extra&quot;:15,&quot;gutter_hr_laptop&quot;:15,&quot;gutter_hr_widescreen&quot;:15,&quot;gutter_vr&quot;:15,&quot;gutter_vr_mobile&quot;:18,&quot;gutter_vr_mobile_extra&quot;:15,&quot;gutter_vr_tablet&quot;:15,&quot;gutter_vr_tablet_extra&quot;:15,&quot;gutter_vr_laptop&quot;:15,&quot;gutter_vr_widescreen&quot;:15,&quot;animation&quot;:&quot;default&quot;,&quot;animation_duration&quot;:0.3,&quot;animation_delay&quot;:0.1,&quot;deeplinking&quot;:&quot;&quot;,&quot;filters_linkable&quot;:&quot;no&quot;,&quot;filters_default_filter&quot;:&quot;&quot;,&quot;filters_count&quot;:&quot;&quot;,&quot;filters_hide_empty&quot;:&quot;no&quot;,&quot;filters_animation&quot;:&quot;default&quot;,&quot;filters_animation_duration&quot;:0.3,&quot;filters_animation_delay&quot;:0.1,&quot;pagination_type&quot;:&quot;load-more&quot;,&quot;pagination_max_pages&quot;:5,&quot;lightbox&quot;:{&quot;selector&quot;:&quot;.wpr-grid-image-wrap&quot;,&quot;iframeMaxWidth&quot;:&quot;60%&quot;,&quot;hash&quot;:false,&quot;autoplay&quot;:&quot;true&quot;,&quot;pause&quot;:5000,&quot;progressBar&quot;:&quot;true&quot;,&quot;counter&quot;:&quot;true&quot;,&quot;controls&quot;:&quot;true&quot;,&quot;getCaptionFromTitleOrAlt&quot;:&quot;true&quot;,&quot;thumbnail&quot;:&quot;&quot;,&quot;showThumbByDefault&quot;:&quot;&quot;,&quot;share&quot;:&quot;&quot;,&quot;zoom&quot;:&quot;true&quot;,&quot;fullScreen&quot;:&quot;true&quot;,&quot;download&quot;:&quot;true&quot;}}\" data-advanced-filters=\"no\"><article class=\"wpr-grid-item elementor-clearfix post-1519 post type-post status-publish format-standard has-post-thumbnail hentry category-repertorio\"><div class=\"wpr-grid-item-inner\"><div class=\"wpr-grid-media-wrap wpr-effect-size-medium \" data-overlay-link=\"yes\"><div class=\"wpr-grid-image-wrap\" data-src=\"https:\/\/chapito.org\/companhiadeteatro\/wp-content\/uploads\/2025\/01\/ANTIGONA-724x1024.jpg\" data-img-on-hover=\"\"  data-src-secondary=\"\"><img decoding=\"async\" data-no-lazy=\"1\" src=\"https:\/\/chapito.org\/companhiadeteatro\/wp-content\/uploads\/2025\/01\/ANTIGONA-724x1024.jpg\" alt=\"Ant\u00edgona 3 por 3,5\" class=\"wpr-anim-timing-ease-default\"><\/div><div class=\"wpr-grid-media-hover wpr-animation-wrap\"><div class=\"wpr-grid-media-hover-bg  wpr-overlay-fade-in wpr-anim-size-large wpr-anim-timing-ease-default wpr-anim-transparency\" data-url=\"https:\/\/chapito.org\/companhiadeteatro\/2025\/01\/08\/antigona-3-por-35\/\"><\/div><\/div><\/div><div class=\"wpr-grid-item-below-content elementor-clearfix\"><div class=\"wpr-grid-item-date elementor-repeater-item-bf8d220 wpr-grid-item-display-block wpr-grid-item-align-center\"><div class=\"inner-block\"><span>2025<\/span><\/div><\/div><\/div><\/div><\/article><article class=\"wpr-grid-item elementor-clearfix post-2160 post type-post status-publish format-standard has-post-thumbnail hentry category-repertorio\"><div class=\"wpr-grid-item-inner\"><div class=\"wpr-grid-media-wrap wpr-effect-size-medium \" data-overlay-link=\"yes\"><div class=\"wpr-grid-image-wrap\" data-src=\"https:\/\/chapito.org\/companhiadeteatro\/wp-content\/uploads\/2026\/04\/cartas-editavel-724x1024.jpg\" data-img-on-hover=\"\"  data-src-secondary=\"\"><img decoding=\"async\" data-no-lazy=\"1\" src=\"https:\/\/chapito.org\/companhiadeteatro\/wp-content\/uploads\/2026\/04\/cartas-editavel-724x1024.jpg\" alt=\"As Criadas\" class=\"wpr-anim-timing-ease-default\"><\/div><div class=\"wpr-grid-media-hover wpr-animation-wrap\"><div class=\"wpr-grid-media-hover-bg  wpr-overlay-fade-in wpr-anim-size-large wpr-anim-timing-ease-default wpr-anim-transparency\" data-url=\"https:\/\/chapito.org\/companhiadeteatro\/2024\/02\/01\/as-criadas\/\"><\/div><\/div><\/div><div class=\"wpr-grid-item-below-content elementor-clearfix\"><div class=\"wpr-grid-item-date elementor-repeater-item-bf8d220 wpr-grid-item-display-block wpr-grid-item-align-center\"><div class=\"inner-block\"><span>2024<\/span><\/div><\/div><\/div><\/div><\/article><article class=\"wpr-grid-item elementor-clearfix post-2165 post type-post status-publish format-standard has-post-thumbnail hentry category-repertorio\"><div class=\"wpr-grid-item-inner\"><div class=\"wpr-grid-media-wrap wpr-effect-size-medium \" data-overlay-link=\"yes\"><div class=\"wpr-grid-image-wrap\" data-src=\"https:\/\/chapito.org\/companhiadeteatro\/wp-content\/uploads\/2026\/04\/cartaz-napolea\u0303o-sem-datas-50x70-1-735x1024.jpg\" data-img-on-hover=\"\"  data-src-secondary=\"\"><img decoding=\"async\" data-no-lazy=\"1\" src=\"https:\/\/chapito.org\/companhiadeteatro\/wp-content\/uploads\/2026\/04\/cartaz-napolea\u0303o-sem-datas-50x70-1-735x1024.jpg\" alt=\"NAPOLE\u00c3O &#8211; ou o complexo de \u00e9pico\" class=\"wpr-anim-timing-ease-default\"><\/div><div class=\"wpr-grid-media-hover wpr-animation-wrap\"><div class=\"wpr-grid-media-hover-bg  wpr-overlay-fade-in wpr-anim-size-large wpr-anim-timing-ease-default wpr-anim-transparency\" data-url=\"https:\/\/chapito.org\/companhiadeteatro\/2020\/01\/01\/napoleao\/\"><\/div><\/div><\/div><div class=\"wpr-grid-item-below-content elementor-clearfix\"><div class=\"wpr-grid-item-date elementor-repeater-item-bf8d220 wpr-grid-item-display-block wpr-grid-item-align-center\"><div class=\"inner-block\"><span>2020<\/span><\/div><\/div><\/div><\/div><\/article><article class=\"wpr-grid-item elementor-clearfix post-2284 post type-post status-publish format-standard has-post-thumbnail hentry category-repertorio\"><div class=\"wpr-grid-item-inner\"><div class=\"wpr-grid-media-wrap wpr-effect-size-medium \" data-overlay-link=\"yes\"><div class=\"wpr-grid-image-wrap\" data-src=\"https:\/\/chapito.org\/companhiadeteatro\/wp-content\/uploads\/2018\/04\/Cartaz-Hamlet-sem-datas.jpg\" data-img-on-hover=\"\"  data-src-secondary=\"\"><img decoding=\"async\" data-no-lazy=\"1\" src=\"https:\/\/chapito.org\/companhiadeteatro\/wp-content\/uploads\/2018\/04\/Cartaz-Hamlet-sem-datas.jpg\" alt=\"Screenshot\" class=\"wpr-anim-timing-ease-default\"><\/div><div class=\"wpr-grid-media-hover wpr-animation-wrap\"><div class=\"wpr-grid-media-hover-bg  wpr-overlay-fade-in wpr-anim-size-large wpr-anim-timing-ease-default wpr-anim-transparency\" data-url=\"https:\/\/chapito.org\/companhiadeteatro\/2018\/04\/01\/hamlete\/\"><\/div><\/div><\/div><div class=\"wpr-grid-item-below-content elementor-clearfix\"><div class=\"wpr-grid-item-date elementor-repeater-item-bf8d220 wpr-grid-item-display-block wpr-grid-item-align-center\"><div class=\"inner-block\"><span>2018<\/span><\/div><\/div><\/div><\/div><\/article><article class=\"wpr-grid-item elementor-clearfix post-2324 post type-post status-publish format-standard has-post-thumbnail hentry category-repertorio\"><div class=\"wpr-grid-item-inner\"><div class=\"wpr-grid-media-wrap wpr-effect-size-medium \" data-overlay-link=\"yes\"><div class=\"wpr-grid-image-wrap\" data-src=\"https:\/\/chapito.org\/companhiadeteatro\/wp-content\/uploads\/2026\/04\/CARTAZ-ATM-TOUR-SEM-DATAS-2-738x1024.jpg\" data-img-on-hover=\"\"  data-src-secondary=\"\"><img decoding=\"async\" data-no-lazy=\"1\" src=\"https:\/\/chapito.org\/companhiadeteatro\/wp-content\/uploads\/2026\/04\/CARTAZ-ATM-TOUR-SEM-DATAS-2-738x1024.jpg\" alt=\"ATM &#8211; Atelier de Tempos Mortos\" class=\"wpr-anim-timing-ease-default\"><\/div><div class=\"wpr-grid-media-hover wpr-animation-wrap\"><div class=\"wpr-grid-media-hover-bg  wpr-overlay-fade-in wpr-anim-size-large wpr-anim-timing-ease-default wpr-anim-transparency\" data-url=\"https:\/\/chapito.org\/companhiadeteatro\/2017\/04\/02\/atm-atelier-de-tempos-mortos\/\"><\/div><\/div><\/div><div class=\"wpr-grid-item-below-content elementor-clearfix\"><div class=\"wpr-grid-item-date elementor-repeater-item-bf8d220 wpr-grid-item-display-block wpr-grid-item-align-center\"><div class=\"inner-block\"><span>2017<\/span><\/div><\/div><\/div><\/div><\/article><article class=\"wpr-grid-item elementor-clearfix post-2408 post type-post status-publish format-standard has-post-thumbnail hentry category-repertorio\"><div class=\"wpr-grid-item-inner\"><div class=\"wpr-grid-media-wrap wpr-effect-size-medium \" data-overlay-link=\"yes\"><div class=\"wpr-grid-image-wrap\" data-src=\"https:\/\/chapito.org\/companhiadeteatro\/wp-content\/uploads\/2026\/04\/Cartaz-Electra-sem-datas-724x1024.jpg\" data-img-on-hover=\"\"  data-src-secondary=\"\"><img decoding=\"async\" data-no-lazy=\"1\" src=\"https:\/\/chapito.org\/companhiadeteatro\/wp-content\/uploads\/2026\/04\/Cartaz-Electra-sem-datas-724x1024.jpg\" alt=\"Electra\" class=\"wpr-anim-timing-ease-default\"><\/div><div class=\"wpr-grid-media-hover wpr-animation-wrap\"><div class=\"wpr-grid-media-hover-bg  wpr-overlay-fade-in wpr-anim-size-large wpr-anim-timing-ease-default wpr-anim-transparency\" data-url=\"https:\/\/chapito.org\/companhiadeteatro\/2016\/03\/10\/electra\/\"><\/div><\/div><\/div><div class=\"wpr-grid-item-below-content elementor-clearfix\"><div class=\"wpr-grid-item-date elementor-repeater-item-bf8d220 wpr-grid-item-display-block wpr-grid-item-align-center\"><div class=\"inner-block\"><span>2016<\/span><\/div><\/div><\/div><\/div><\/article><article class=\"wpr-grid-item elementor-clearfix post-2432 post type-post status-publish format-standard has-post-thumbnail hentry category-repertorio\"><div class=\"wpr-grid-item-inner\"><div class=\"wpr-grid-media-wrap wpr-effect-size-medium \" data-overlay-link=\"yes\"><div class=\"wpr-grid-image-wrap\" data-src=\"https:\/\/chapito.org\/companhiadeteatro\/wp-content\/uploads\/2014\/04\/JEKYLL-AND-HYDE-735x1024.jpg\" data-img-on-hover=\"\"  data-src-secondary=\"\"><img decoding=\"async\" data-no-lazy=\"1\" src=\"https:\/\/chapito.org\/companhiadeteatro\/wp-content\/uploads\/2014\/04\/JEKYLL-AND-HYDE-735x1024.jpg\" alt=\"Dr. Jekyll &amp; Mr. Hyde\" class=\"wpr-anim-timing-ease-default\"><\/div><div class=\"wpr-grid-media-hover wpr-animation-wrap\"><div class=\"wpr-grid-media-hover-bg  wpr-overlay-fade-in wpr-anim-size-large wpr-anim-timing-ease-default wpr-anim-transparency\" data-url=\"https:\/\/chapito.org\/companhiadeteatro\/2014\/01\/23\/dr-jekyll-mr-hyde\/\"><\/div><\/div><\/div><div class=\"wpr-grid-item-below-content elementor-clearfix\"><div class=\"wpr-grid-item-date elementor-repeater-item-bf8d220 wpr-grid-item-display-block wpr-grid-item-align-center\"><div class=\"inner-block\"><span>2014<\/span><\/div><\/div><\/div><\/div><\/article><article class=\"wpr-grid-item elementor-clearfix post-2473 post type-post status-publish format-standard has-post-thumbnail hentry category-repertorio\"><div class=\"wpr-grid-item-inner\"><div class=\"wpr-grid-media-wrap wpr-effect-size-medium \" data-overlay-link=\"yes\"><div class=\"wpr-grid-image-wrap\" data-src=\"https:\/\/chapito.org\/companhiadeteatro\/wp-content\/uploads\/2013\/01\/macbeth-cartaz-722x1024.jpg\" data-img-on-hover=\"\"  data-src-secondary=\"\"><img decoding=\"async\" data-no-lazy=\"1\" src=\"https:\/\/chapito.org\/companhiadeteatro\/wp-content\/uploads\/2013\/01\/macbeth-cartaz-722x1024.jpg\" alt=\"Macbeth\" class=\"wpr-anim-timing-ease-default\"><\/div><div class=\"wpr-grid-media-hover wpr-animation-wrap\"><div class=\"wpr-grid-media-hover-bg  wpr-overlay-fade-in wpr-anim-size-large wpr-anim-timing-ease-default wpr-anim-transparency\" data-url=\"https:\/\/chapito.org\/companhiadeteatro\/2013\/01\/14\/macbeth\/\"><\/div><\/div><\/div><div class=\"wpr-grid-item-below-content elementor-clearfix\"><div class=\"wpr-grid-item-date elementor-repeater-item-bf8d220 wpr-grid-item-display-block wpr-grid-item-align-center\"><div class=\"inner-block\"><span>2013<\/span><\/div><\/div><\/div><\/div><\/article><article class=\"wpr-grid-item elementor-clearfix post-2491 post type-post status-publish format-standard has-post-thumbnail hentry category-repertorio\"><div class=\"wpr-grid-item-inner\"><div class=\"wpr-grid-media-wrap wpr-effect-size-medium \" data-overlay-link=\"yes\"><div class=\"wpr-grid-image-wrap\" data-src=\"https:\/\/chapito.org\/companhiadeteatro\/wp-content\/uploads\/2026\/04\/edipo-677x1024.jpg\" data-img-on-hover=\"\"  data-src-secondary=\"\"><img decoding=\"async\" data-no-lazy=\"1\" src=\"https:\/\/chapito.org\/companhiadeteatro\/wp-content\/uploads\/2026\/04\/edipo-677x1024.jpg\" alt=\"\u00c9dipo\" class=\"wpr-anim-timing-ease-default\"><\/div><div class=\"wpr-grid-media-hover wpr-animation-wrap\"><div class=\"wpr-grid-media-hover-bg  wpr-overlay-fade-in wpr-anim-size-large wpr-anim-timing-ease-default wpr-anim-transparency\" data-url=\"https:\/\/chapito.org\/companhiadeteatro\/2012\/03\/12\/edipo\/\"><\/div><\/div><\/div><div class=\"wpr-grid-item-below-content elementor-clearfix\"><div class=\"wpr-grid-item-date elementor-repeater-item-bf8d220 wpr-grid-item-display-block wpr-grid-item-align-center\"><div class=\"inner-block\"><span>2012<\/span><\/div><\/div><\/div><\/div><\/article><\/section><div class=\"wpr-grid-pagination elementor-clearfix wpr-grid-pagination-load-more\" data-pages=\"5\"><a href=\"https:\/\/chapito.org\/companhiadeteatro\/wp-json\/wp\/v2\/pages\/630\/page\/2\/\" class=\"wpr-load-more-btn\" data-e-disable-page-transition >Ver mais repert\u00f3rios<\/a><div class=\"wpr-pagination-loading\"><div class=\"wpr-double-bounce\"><div class=\"wpr-child wpr-double-bounce1\"><\/div><div class=\"wpr-child wpr-double-bounce2\"><\/div><\/div><\/div><p class=\"wpr-pagination-finish\">Fim do conte\u00fado.<\/p><\/div>\t\t\t\t<\/div>\n\t\t\t\t\t<\/div>\n\t\t\t\t<\/div>\n\t\t\t\t<\/div>\n\t\t","protected":false},"excerpt":{"rendered":"<p>A Companhia do Chapit\u00f4 Fundada em 1996, cria espet\u00e1culos de com\u00e9dia baseados no trabalho f\u00edsico do ator e numa linguagem visual universal. O seu teatro, sempre coletivo e imaginativo, aproxima o p\u00fablico e viaja pelo mundo. J\u00e1 produziu 42 cria\u00e7\u00f5es apresentadas em mais de 300 palcos nacionais e internacionais. POR ESSE MUNDO FORA MELHOR OBRA ESTRANGEIRA\u00a0(PR\u00c9MIO FLORENCIO)\u00a0III Mostra de Teatro Ibero-americano de\u00a0Montevideu,\u00a0Uruguai com \u00c9dipo\u00a0\u2013\u00a02016 MELHOR ESPECT\u00c1CULO\u00a0na 30\u00aa Feira Internacional de Teatro e Dan\u00e7a de Huesca,\u00a0Espanha com Electra\u00a0\u20132016 PR\u00c9MIO DO P\u00daBLICO \u2013Pr\u00e9mio dos Amigos do Festival D.Quixote 2014 no Festival D. Quixote em Paris, Fran\u00e7a com \u00c9dipo &#8211; 2014 PR\u00c9MIO DO P\u00daBLICO \u2013Melhor Espect\u00e1culo de Sala&#8221; na Feria de Teatro Internacional Castilla y Leon em Ciudad Rodrigo, Espanha\u00a0 com Talvez Cam\u00f5es &#8211; 2005 MELHOR DRAMATURGIA\u00a0na Feria de Teatro de Albacete,\u00a0Espanha com \u00c9dipo\u00a0\u2013\u00a02015 PR\u00c9MIO DO P\u00daBLICO \u2013\u00a0 Melhor Espect\u00e1culo&#8221; no Festival Teatro Agosto no Fund\u00e3o, Portugal com Grande Criador &#8211; 2007 PR\u00c9MIO DO P\u00daBLICO\u00a0\u2013 Melhor Espect\u00e1culo&#8221; no Festival Mindelact -Mindelo,\u00a0Cabo Verde com Talvez Cam\u00f5es &#8211; 2004 PR\u00c9MIO DO P\u00daBLICO\u00a0\u2013 Melhor Espect\u00e1culo\u00a0\u00a0na XXXVI Edi\u00e7\u00e3o da MIT \u00a0C\u00f3mico e Festivo de Cangas,\u00a0Espanha com Electra\u00a0\u2013\u00a02019 PR\u00c9MIO DO P\u00daBLICO\u00a0\u2013 Melhor Espect\u00e1culo na XLIII Mostra de Teatro Galego de Cari\u00f1o,\u00a0Espanha com Napole\u00e3o ou O Complexo de \u00c9pico\u00a0\u2013\u00a02021 \u00a0( &#8230; ) &#8220;Son capaces, con sus cuerpos y a penas alg\u00fan objeto, de construir\u00a0 universos inmensos&#8230;&#8221; ; &#8220;&#8221;No son actores, son magos. M\u00e1s que magos, demiurgos.&#8221; ; \u201c&#8230;se ensanchan en nuestro cerebro de espectador embobado, asombrado, sobrecogido o, directamente, descojonado.&#8221;\u00a0 Revista Godot\u00a0 \u201c\u00c9 riqu\u00edssimo, este teatro, e de infind\u00e1veis recursos, riqueza humana, recursos humanos.\u201d\u00a0 Risoleta Pinto Pedro ( &#8230; ) \u00a0 \u00a0 Lisboa-Uppsala-Madrid-Sal\u00f3nica-Bogot\u00e1-Rio de Janeiro-Amorebieta-Neuss-Tear\u00e3o-Mondim de Basto-Novgorod-Faro-La Plata-Espoo-Pamplona-P\u00f3voa de Varzim-Salvador da Ba\u00eda-Estocolmo-Lyon-Santo Andr\u00e9-Miami-Maia-Porsgrunn-Faial-Montevideo-Porto-Alcal\u00e1 de Henares-Lousada-Brasilia-Cangas-Ciudad Rodrigo-Bragan\u00e7a-Paris-Mindelo-M\u00e9rida-C\u00e1diz-Macau-Cuenca-Ume\u00e5-Fund\u00e3o-M\u00e1laga-Caracas-Idanha.\u00e0.Nova-San Sebasti\u00e1n-S\u00e3o Paulo-Seg\u00f3via-Almagro-Beja-Valladolid-Tenerife-Quito-Huesca-Buenos Aires-Benedita-Gran Can\u00e1ria-Curitiba-Eibar-Serra de Montemuro-Coru\u00f1a-Neuss- ( &#8230; ) \u00a0 Saiba mais&#8230; Espet\u00e1culos em Cartaz All Posts Espetaculos_em_Cartaz ODISSEIA A vers\u00e3o que Homero n\u00e3o contou A Companhia do Chapit\u00f4 embarca na maior com\u00e9dia de equ\u00edvocos da mitologia grega, a&#8230; Ver mais&#8230; Rei Lear REI LEAR&nbsp;A partir da obra de William Shakespeare&nbsp; Rei Lear&nbsp;decide dividir o seu reino entre as suas filhas. Antes de&#8230; Ver mais&#8230; As Formigas \u201cE se todos se recusassem a fazer a guerra?\u201d \u201cAs Formigas\u201d tece o retrato de soldados, uns \u201cpobres diabos\u201d combatentes&#8230; Ver mais&#8230; J\u00falio C\u00e9sar Cria\u00e7\u00e3o teatral a partir de eventos da vida desta figura hist\u00f3rica, eternizada pelos grandes contadores de hist\u00f3rias, desde Plutarco a&#8230; Ver mais&#8230; Agenda de Espet\u00e1culos Repert\u00f3rio All Posts Repertorio Janeiro 8, 2025 Fevereiro 1, 2024 Janeiro 1, 2020 Abril 1, 2018 Abril 2, 2017 Mar\u00e7o 10, 2016 Janeiro 23, 2014 Janeiro 14, 2013 Mar\u00e7o 12, 2012 Ver mais repert\u00f3rios Fim do conte\u00fado.<\/p>\n","protected":false},"author":1,"featured_media":0,"parent":0,"menu_order":0,"comment_status":"closed","ping_status":"closed","template":"elementor_canvas","meta":{"footnotes":""},"class_list":["post-630","page","type-page","status-publish","hentry"],"_links":{"self":[{"href":"https:\/\/chapito.org\/companhiadeteatro\/wp-json\/wp\/v2\/pages\/630","targetHints":{"allow":["GET"]}}],"collection":[{"href":"https:\/\/chapito.org\/companhiadeteatro\/wp-json\/wp\/v2\/pages"}],"about":[{"href":"https:\/\/chapito.org\/companhiadeteatro\/wp-json\/wp\/v2\/types\/page"}],"author":[{"embeddable":true,"href":"https:\/\/chapito.org\/companhiadeteatro\/wp-json\/wp\/v2\/users\/1"}],"replies":[{"embeddable":true,"href":"https:\/\/chapito.org\/companhiadeteatro\/wp-json\/wp\/v2\/comments?post=630"}],"version-history":[{"count":1106,"href":"https:\/\/chapito.org\/companhiadeteatro\/wp-json\/wp\/v2\/pages\/630\/revisions"}],"predecessor-version":[{"id":3696,"href":"https:\/\/chapito.org\/companhiadeteatro\/wp-json\/wp\/v2\/pages\/630\/revisions\/3696"}],"wp:attachment":[{"href":"https:\/\/chapito.org\/companhiadeteatro\/wp-json\/wp\/v2\/media?parent=630"}],"curies":[{"name":"wp","href":"https:\/\/api.w.org\/{rel}","templated":true}]}}